{"id":28401,"date":"2023-08-18T14:27:24","date_gmt":"2023-08-18T12:27:24","guid":{"rendered":"http:\/\/www.ajpc-chaumont.fr\/?page_id=28401"},"modified":"2023-08-18T14:27:45","modified_gmt":"2023-08-18T12:27:45","slug":"lajpc-a-zinal","status":"publish","type":"page","link":"http:\/\/www.ajpc-chaumont.fr\/?page_id=28401","title":{"rendered":"L&#8217;AJPC \u00e0 Zinal"},"content":{"rendered":"\n<p>Comme cela avait \u00e9t\u00e9 propos\u00e9 lors de la derni\u00e8re assembl\u00e9e g\u00e9n\u00e9rale, une petite d\u00e9l\u00e9gation de l&#8217;AJPC a pass\u00e9 une semaine \u00e0 Zinal (Valais suisse) afin de participer \u00e0 la mythique course de montagne Sierre-Zinal qui f\u00eatait sa 50\u00e8me \u00e9dition. la semaine fut magnifique et la course magique.<br>une partie des AJPC\u00e9ens se sont frott\u00e9s \u00e0 la tant redout\u00e9e mont\u00e9e de d\u00e9part de 1800 m\u00e8tres de d\u00e9nivel\u00e9 positif en 11 kilom\u00e8tres tandis que 3 d&#8217;entre eux se sont align\u00e9s sur la course le samedi 12 ao\u00fbt \u00e0 4h55 pour 31 kilom\u00e8tres et 2200 m\u00e8tres de d\u00e9nivel\u00e9 avec un d\u00e9part de nuit.<br>la magie de cette folle aventure a op\u00e9r\u00e9 lorsque les 5 sommets de plus de 400 m\u00e8tres sont apparus au lever du jour.<br>Tous se sont r\u00e9gal\u00e9s durant cette semaine de randonn\u00e9e et course ponctu\u00e9e de moments d&#8217;amiti\u00e9 f\u00eat\u00e9s \u00e0 renfort de Ratafia (bien de chez nous) et autres \u00e9lixirs. <\/p>\n\n\n\n<style type=\"text\/css\">\r\n\t#slgf_28402 .gallery1 {\r\n\t\tdisplay: block !important;\r\n\t\twidth: 100% !important;\r\n\t\tmargin: 0 -5px !important; \/* Offset padding *\/\r\n\t}\r\n\t\r\n\t\/* Clearfix for container *\/\r\n\t#slgf_28402 .gallery1:after {\r\n\t\tcontent: '';\r\n\t\tdisplay: block;\r\n\t\tclear: both;\r\n\t}\r\n\r\n\t#slgf_28402 .wl-gallery {\r\n\t\tfloat: left !important;\r\n\t\tbox-sizing: border-box !important;\r\n\t\tpadding: 0 5px 10px 5px !important; \/* Horizontal padding + bottom margin *\/\r\n\t\tmargin: 0 !important;\r\n\t}\r\n\r\n\t\/* Two Column Layout *\/\r\n\t#slgf_28402 .col-md-6 {\r\n\t\twidth: 50% !important;\r\n\t}\r\n\r\n\t\/* Three Column Layout *\/\r\n\t#slgf_28402 .col-md-4 {\r\n\t\twidth: 33.33% !important;\r\n\t}\r\n\r\n\t#slgf_28402 .col-md-3 {\r\n\t\twidth: 25% !important;\r\n\t}\r\n\r\n\t#slgf_28402 .col-md-2 {\r\n\t\twidth: 16.66% !important;\r\n\t}\r\n\r\n\t#slgf_28402 .b-link-stroke .b-top-line {\r\n\t\tbackground: rgba(10, 194, 210, 0.5);\r\n\t}\r\n\r\n\t#slgf_28402 .b-link-stroke .b-bottom-line {\r\n\t\tbackground: rgba(10, 194, 210, 0.5);\r\n\t}\r\n\r\n\t#slgf_28402 .b-wrapper {\r\n\t\tfont-family: font-name;\r\n\t}\r\n\r\n\t#slgf_28402 .slgf_home_portfolio_caption {\r\n\t\tbackground: #FFFFFF;\r\n\t}\r\n\r\n\t#slgf_28402 .slgf_home_portfolio_caption h3 {\r\n\t\tcolor: #000000;\r\n\t}\r\n\r\n\t#slgf_28402 .slg_title_class {\r\n\t\tfont-weight: bolder;\r\n\t\tpadding-bottom: 20px;\r\n\t\tborder-bottom: 2px solid #cccccc;\r\n\t\tmargin-bottom: 20px;\r\n\t\tfont-family: font-name;\r\n\t\tcolor: #2271b1;\r\n\t}\r\n\t.fnf {\r\n\tbackground-color: #a92929;\r\n\tborder-radius: 5px;\r\n\tcolor: #fff;\r\n\tfont-family: initial;\r\n\ttext-align: center;\r\n\tpadding: 12px;\r\n\t}\r\n\t#slgf_28402 .img-box-shadow { box-shadow: 0 0 6px rgba(0, 0, 0, .7); }<\/style>\t\r\n\t<div class=\"gal-container\" id=\"slgf_28402\">\r\n\t\t\t\t\t<!--get the post id-->\r\n\t\t\t\r\n\t\t\t<!--Gallery Title-->\r\n\t\t\t\t\t\t\t<div class=\"slg_title_class\">\r\n\t\t\t\t\tZinal 2023\t\t\t\t<\/div>\r\n\t\t\t\t\t\t<div class=\"row\">\r\n\r\n\t\t\t\t<div class=\"gallery1 lightgallery_28402\">\r\n\t\t\t\t\t\t\t\t\t<\/div>\r\n\t\t\t<\/div>\r\n\t\t\t<\/div>\r\n\r\n\t<!-- Swipe Box-->\r\n\t\n","protected":false},"excerpt":{"rendered":"<p>Comme cela avait \u00e9t\u00e9 propos\u00e9 lors de la derni\u00e8re assembl\u00e9e g\u00e9n\u00e9rale, une petite d\u00e9l\u00e9gation de l&#8217;AJPC a pass\u00e9 une semaine \u00e0 Zinal (Valais suisse) afin de participer \u00e0 la mythique course de montagne Sierre-Zinal qui f\u00eatait sa 50\u00e8me \u00e9dition. la &hellip; <a href=\"http:\/\/www.ajpc-chaumont.fr\/?slgf_slider=zinal-2023\">Continue reading <span class=\"meta-nav\">&rarr;<\/span><\/a><\/p>\n","protected":false},"author":12,"featured_media":0,"parent":28295,"menu_order":0,"comment_status":"closed","ping_status":"closed","template":"","meta":{"_s2mail":"","footnotes":""},"_links":{"self":[{"href":"http:\/\/www.ajpc-chaumont.fr\/index.php?rest_route=\/wp\/v2\/pages\/28401"}],"collection":[{"href":"http:\/\/www.ajpc-chaumont.fr\/index.php?rest_route=\/wp\/v2\/pages"}],"about":[{"href":"http:\/\/www.ajpc-chaumont.fr\/index.php?rest_route=\/wp\/v2\/types\/page"}],"author":[{"embeddable":true,"href":"http:\/\/www.ajpc-chaumont.fr\/index.php?rest_route=\/wp\/v2\/users\/12"}],"replies":[{"embeddable":true,"href":"http:\/\/www.ajpc-chaumont.fr\/index.php?rest_route=%2Fwp%2Fv2%2Fcomments&post=28401"}],"version-history":[{"count":1,"href":"http:\/\/www.ajpc-chaumont.fr\/index.php?rest_route=\/wp\/v2\/pages\/28401\/revisions"}],"predecessor-version":[{"id":28442,"href":"http:\/\/www.ajpc-chaumont.fr\/index.php?rest_route=\/wp\/v2\/pages\/28401\/revisions\/28442"}],"up":[{"embeddable":true,"href":"http:\/\/www.ajpc-chaumont.fr\/index.php?rest_route=\/wp\/v2\/pages\/28295"}],"wp:attachment":[{"href":"http:\/\/www.ajpc-chaumont.fr\/index.php?rest_route=%2Fwp%2Fv2%2Fmedia&parent=28401"}],"curies":[{"name":"wp","href":"https:\/\/api.w.org\/{rel}","templated":true}]}}