{"id":28100,"date":"2022-09-11T20:55:36","date_gmt":"2022-09-11T18:55:36","guid":{"rendered":"http:\/\/www.ajpc-chaumont.fr\/?page_id=28100"},"modified":"2025-11-12T13:57:19","modified_gmt":"2025-11-12T12:57:19","slug":"corrida-chaumont-2022","status":"publish","type":"page","link":"https:\/\/www.ajpc-chaumont.fr\/?page_id=28100","title":{"rendered":"Corrida JHM Chaumont"},"content":{"rendered":"\n<p>C&#8217;est une quarantaine de coureurs qui ont fi\u00e8rement repr\u00e9sent\u00e9 l&#8217;AJPC \u00e0 la corrida du JHM. <br>F\u00e9licitations \u00e0 tous et mention particuli\u00e8re \u00e0 No\u00eblle et Jean-Pierre qui terminent 1ers de leur cat\u00e9gorie. <br>Et un grand merci aux adh\u00e9rents qui ont donn\u00e9 de leur temps et ont contribu\u00e9 \u00e0 la r\u00e9ussite de cet \u00e9v\u00e8nement. <br>Merci enfin \u00e0 l&#8217;OMS Chaumont pour l&#8217;organisation de cette belle journ\u00e9e !<\/p>\n\n\n\n<style type=\"text\/css\">\r\n\t#slgf_28046 .gallery1 {\r\n\t\tdisplay: block !important;\r\n\t\twidth: 100% !important;\r\n\t\tmargin: 0 -5px !important; \/* Offset padding *\/\r\n\t}\r\n\t\r\n\t\/* Clearfix for container *\/\r\n\t#slgf_28046 .gallery1:after {\r\n\t\tcontent: '';\r\n\t\tdisplay: block;\r\n\t\tclear: both;\r\n\t}\r\n\r\n\t#slgf_28046 .wl-gallery {\r\n\t\tfloat: left !important;\r\n\t\tbox-sizing: border-box !important;\r\n\t\tpadding: 0 5px 10px 5px !important; \/* Horizontal padding + bottom margin *\/\r\n\t\tmargin: 0 !important;\r\n\t}\r\n\r\n\t\/* Two Column Layout *\/\r\n\t#slgf_28046 .col-md-6 {\r\n\t\twidth: 50% !important;\r\n\t}\r\n\r\n\t\/* Three Column Layout *\/\r\n\t#slgf_28046 .col-md-4 {\r\n\t\twidth: 33.33% !important;\r\n\t}\r\n\r\n\t#slgf_28046 .col-md-3 {\r\n\t\twidth: 25% !important;\r\n\t}\r\n\r\n\t#slgf_28046 .col-md-2 {\r\n\t\twidth: 16.66% !important;\r\n\t}\r\n\r\n\t#slgf_28046 .b-link-stroke .b-top-line {\r\n\t\tbackground: rgba(10, 194, 210, 0.5);\r\n\t}\r\n\r\n\t#slgf_28046 .b-link-stroke .b-bottom-line {\r\n\t\tbackground: rgba(10, 194, 210, 0.5);\r\n\t}\r\n\r\n\t#slgf_28046 .b-wrapper {\r\n\t\tfont-family: font-name;\r\n\t}\r\n\r\n\t#slgf_28046 .slgf_home_portfolio_caption {\r\n\t\tbackground: #FFFFFF;\r\n\t}\r\n\r\n\t#slgf_28046 .slgf_home_portfolio_caption h3 {\r\n\t\tcolor: #000000;\r\n\t}\r\n\r\n\t#slgf_28046 .slg_title_class {\r\n\t\tfont-weight: bolder;\r\n\t\tpadding-bottom: 20px;\r\n\t\tborder-bottom: 2px solid #cccccc;\r\n\t\tmargin-bottom: 20px;\r\n\t\tfont-family: font-name;\r\n\t\tcolor: #2271b1;\r\n\t}\r\n\t.fnf {\r\n\tbackground-color: #a92929;\r\n\tborder-radius: 5px;\r\n\tcolor: #fff;\r\n\tfont-family: initial;\r\n\ttext-align: center;\r\n\tpadding: 12px;\r\n\t}\r\n\t#slgf_28046 .img-box-shadow { box-shadow: 0 0 6px rgba(0, 0, 0, .7); }<\/style>\t\r\n\t<div class=\"gal-container\" id=\"slgf_28046\">\r\n\t\t\t\t\t<!--get the post id-->\r\n\t\t\t\r\n\t\t\t<!--Gallery Title-->\r\n\t\t\t\t\t\t\t<div class=\"slg_title_class\">\r\n\t\t\t\t\tCorrida 2022\t\t\t\t<\/div>\r\n\t\t\t\t\t\t<div class=\"row\">\r\n\r\n\t\t\t\t<div class=\"gallery1 lightgallery_28046\">\r\n\t\t\t\t\t\t\t\t\t<\/div>\r\n\t\t\t<\/div>\r\n\t\t\t<\/div>\r\n\r\n\t<!-- Swipe Box-->\r\n\t\n","protected":false},"excerpt":{"rendered":"<p>C&#8217;est une quarantaine de coureurs qui ont fi\u00e8rement repr\u00e9sent\u00e9 l&#8217;AJPC \u00e0 la corrida du JHM. F\u00e9licitations \u00e0 tous et mention particuli\u00e8re \u00e0 No\u00eblle et Jean-Pierre qui terminent 1ers de leur cat\u00e9gorie. Et un grand merci aux adh\u00e9rents qui ont donn\u00e9 &hellip; <a href=\"https:\/\/www.ajpc-chaumont.fr\/?slgf_slider=corrida-2022\">Continue reading <span class=\"meta-nav\">&rarr;<\/span><\/a><\/p>\n","protected":false},"author":12,"featured_media":0,"parent":27472,"menu_order":0,"comment_status":"closed","ping_status":"closed","template":"","meta":{"_s2mail":"","footnotes":""},"_links":{"self":[{"href":"https:\/\/www.ajpc-chaumont.fr\/index.php?rest_route=\/wp\/v2\/pages\/28100"}],"collection":[{"href":"https:\/\/www.ajpc-chaumont.fr\/index.php?rest_route=\/wp\/v2\/pages"}],"about":[{"href":"https:\/\/www.ajpc-chaumont.fr\/index.php?rest_route=\/wp\/v2\/types\/page"}],"author":[{"embeddable":true,"href":"https:\/\/www.ajpc-chaumont.fr\/index.php?rest_route=\/wp\/v2\/users\/12"}],"replies":[{"embeddable":true,"href":"https:\/\/www.ajpc-chaumont.fr\/index.php?rest_route=%2Fwp%2Fv2%2Fcomments&post=28100"}],"version-history":[{"count":3,"href":"https:\/\/www.ajpc-chaumont.fr\/index.php?rest_route=\/wp\/v2\/pages\/28100\/revisions"}],"predecessor-version":[{"id":29685,"href":"https:\/\/www.ajpc-chaumont.fr\/index.php?rest_route=\/wp\/v2\/pages\/28100\/revisions\/29685"}],"up":[{"embeddable":true,"href":"https:\/\/www.ajpc-chaumont.fr\/index.php?rest_route=\/wp\/v2\/pages\/27472"}],"wp:attachment":[{"href":"https:\/\/www.ajpc-chaumont.fr\/index.php?rest_route=%2Fwp%2Fv2%2Fmedia&parent=28100"}],"curies":[{"name":"wp","href":"https:\/\/api.w.org\/{rel}","templated":true}]}}